{"id":2948,"date":"2025-01-22T15:51:47","date_gmt":"2025-01-22T15:51:47","guid":{"rendered":"https:\/\/www.mfrenovables.com\/?page_id=2948"},"modified":"2026-02-27T11:56:01","modified_gmt":"2026-02-27T11:56:01","slug":"politica-de-privacidade","status":"publish","type":"page","link":"https:\/\/www.mfrenovables.com\/pt\/politicas-privacidad\/","title":{"rendered":"Pol\u00edtica de privacidade"},"content":{"rendered":"<div data-elementor-type=\"wp-page\" data-elementor-id=\"2948\" class=\"elementor elementor-2948\" data-elementor-post-type=\"page\">\n\t\t\t\t<div class=\"elementor-element elementor-element-ed87624 e-con-full e-flex e-con e-parent\" data-id=\"ed87624\" data-element_type=\"container\" data-e-type=\"container\">\n\t\t<div class=\"elementor-element elementor-element-775fa12 e-con-full e-flex e-con e-child\" data-id=\"775fa12\" data-element_type=\"container\" data-e-type=\"container\" data-settings=\"{&quot;background_background&quot;:&quot;classic&quot;}\">\n\t\t\t\t<div class=\"elementor-element elementor-element-49879fa elementor-widget elementor-widget-image\" data-id=\"49879fa\" data-element_type=\"widget\" data-e-type=\"widget\" data-widget_type=\"image.default\">\n\t\t\t\t<div class=\"elementor-widget-container\">\n\t\t\t\t\t\t\t\t\t\t\t\t\t\t\t<img decoding=\"async\" src=\"https:\/\/www.mfrenovables.com\/test\/wp-content\/uploads\/2024\/11\/Icono.svg\" title=\"\" alt=\"\" loading=\"lazy\" \/>\t\t\t\t\t\t\t\t\t\t\t\t\t\t\t<\/div>\n\t\t\t\t<\/div>\n\t\t\t\t<div class=\"elementor-element elementor-element-8c98a76 elementor-widget elementor-widget-heading\" data-id=\"8c98a76\" data-element_type=\"widget\" data-e-type=\"widget\" data-widget_type=\"heading.default\">\n\t\t\t\t<div class=\"elementor-widget-container\">\n\t\t\t\t\t<h2 class=\"elementor-heading-title elementor-size-default\">Pol\u00edtica de privacidade<\/h2>\t\t\t\t<\/div>\n\t\t\t\t<\/div>\n\t\t\t\t<\/div>\n\t\t<div class=\"elementor-element elementor-element-c0bd420 e-con-full e-flex e-con e-child\" data-id=\"c0bd420\" data-element_type=\"container\" data-e-type=\"container\">\n\t\t\t\t<\/div>\n\t\t\t\t<\/div>\n\t\t<div class=\"elementor-element elementor-element-eab5b4d e-flex e-con-boxed e-con e-parent\" data-id=\"eab5b4d\" data-element_type=\"container\" data-e-type=\"container\">\n\t\t\t\t\t<div class=\"e-con-inner\">\n\t\t\t\t<div class=\"elementor-element elementor-element-c58d558 elementor-widget elementor-widget-heading\" data-id=\"c58d558\" data-element_type=\"widget\" data-e-type=\"widget\" data-widget_type=\"heading.default\">\n\t\t\t\t<div class=\"elementor-widget-container\">\n\t\t\t\t\t<h2 class=\"elementor-heading-title elementor-size-default\">A Pol\u00edtica de Privacidade faz parte das Condi\u00e7\u00f5es Gerais que regem este s\u00edtio Web.<\/h2>\t\t\t\t<\/div>\n\t\t\t\t<\/div>\n\t\t\t\t<div class=\"elementor-element elementor-element-70aa8c5 elementor-widget elementor-widget-text-editor\" data-id=\"70aa8c5\" data-element_type=\"widget\" data-e-type=\"widget\" data-widget_type=\"text-editor.default\">\n\t\t\t\t<div class=\"elementor-widget-container\">\n\t\t\t\t\t\t\t\t\t<div class=\"bd-stretchtobottom-1 bd-stretch-to-bottom\" data-control-selector=\".bd-contentlayout-1\"><div class=\"bd-contentlayout-1 bd-page-width bd-sheetstyles bd-no-margins bd-margins\"><div class=\"bd-container-inner\"><div class=\"bd-flex-vertical bd-stretch-inner bd-no-margins\"><div class=\"bd-flex-horizontal bd-flex-wide bd-no-margins\"><div class=\"bd-flex-vertical bd-flex-wide bd-no-margins\"><div class=\"bd-layoutitemsbox-1 bd-flex-wide bd-margins\"><div class=\"bd-content-7\"><div class=\"bd-blog-5 bd-page-width\"><div class=\"bd-container-inner\"><div class=\"bd-grid-7 bd-margins\"><div class=\"container-fluid\"><div class=\"separated-grid row\"><div class=\"separated-item-46 col-md-12 first-col last-row last-col\"><div class=\"bd-griditem-46\"><article class=\"bd-article-4\"><div class=\"bd-postcontent-4 bd-tagstyles bd-contentlayout-offset\"><p><strong>Quem \u00e9 respons\u00e1vel pelo tratamento dos seus dados?<\/strong><br \/>METAL FRAME RENOVABLES S.L. CIF: B06754634<br \/>Endere\u00e7o: c\/ Pedregales, 16, 06400 Don Benito (Badajoz)<br \/>Telefone: 924 290 111 \/ 613 006 138<br \/>Correio eletr\u00f3nico:\u00a0<span id=\"cloakfd474925fe55f3cfc1c021d7cf6207f4\"><a href=\"mailto:info@mfrenovables.com\">info@mfrenovables.com<\/a><\/span><br \/>Pode contactar-nos da forma que desejar.<br \/>Reservamo-nos o direito de modificar ou adaptar esta Pol\u00edtica de Privacidade em qualquer altura. Recomendamos que a reveja e, se se tiver registado e tiver sess\u00e3o iniciada na sua conta ou perfil, ser\u00e1 informado de quaisquer altera\u00e7\u00f5es.<\/p><p><strong>Para que fins processamos os seus dados pessoais?<\/strong><br \/><strong>- Clientes:<\/strong><br \/>A METAL FRAME RENOVABLES S.L. tratar\u00e1 os seus dados pessoais com as seguintes finalidades: manuten\u00e7\u00e3o e gest\u00e3o da rela\u00e7\u00e3o contratual e pr\u00e9-contratual. Envio de comunica\u00e7\u00f5es sobre informa\u00e7\u00f5es comerciais ou eventos por meios electr\u00f3nicos. Envio de comunica\u00e7\u00f5es comerciais por meios electr\u00f3nicos sobre os nossos produtos ou servi\u00e7os que possam ser do meu interesse.<br \/><strong>- Fornecedores:<\/strong><br \/>A METAL FRAME RENOVABLES S.L. tratar\u00e1 os seus dados pessoais para efeitos de fatura\u00e7\u00e3o.<br \/><strong>- Contactos Web ou de correio eletr\u00f3nico:<\/strong><br \/>A METAL FRAME RENOVABLES S.L. tratar\u00e1 os seus dados pessoais com as seguintes finalidades Responder \u00e0s suas consultas, pedidos ou peti\u00e7\u00f5es. Gerir o servi\u00e7o solicitado, responder ao seu pedido ou processar o seu pedido.<br \/><strong>- Contactos do boletim informativo:<\/strong><br \/>Na Web, o utilizador pode subscrever a Newsletter, se nos fornecer um endere\u00e7o de correio eletr\u00f3nico, para o qual ser\u00e1 enviada. Apenas armazenaremos o seu endere\u00e7o de correio eletr\u00f3nico na nossa base de dados e enviar-lhe-emos mensagens de correio eletr\u00f3nico peri\u00f3dicas at\u00e9 que cancele a sua subscri\u00e7\u00e3o ou que deixemos de enviar mensagens de correio eletr\u00f3nico.<br \/><strong>- Parceiros:<\/strong><br \/>A METAL FRAME RENOVABLES S.L. tratar\u00e1 os seus dados pessoais com as seguintes finalidades: Organiza\u00e7\u00e3o das ac\u00e7\u00f5es necess\u00e1rias para alcan\u00e7ar os objectivos da empresa. Gest\u00e3o interna e cumprimento da lei. Convoca\u00e7\u00e3o de reuni\u00f5es. Realiza\u00e7\u00e3o das transac\u00e7\u00f5es correspondentes. Registo dos impostos correspondentes.<br \/><strong>- Quem procura emprego:<\/strong><br \/>A METAL FRAME RENOVABLES S.L. tratar\u00e1 os seus dados pessoais com as seguintes finalidades Organiza\u00e7\u00e3o de processos de sele\u00e7\u00e3o para a contrata\u00e7\u00e3o de trabalhadores. Convoc\u00e1-lo para entrevistas de trabalho e avaliar a sua candidatura. Se nos tiver dado o seu consentimento, poderemos conservar o seu CV para o fazer participar em novos processos de sele\u00e7\u00e3o. Se nos tiver dado o seu consentimento, podemos comunicar o seu CV a empresas do grupo, parceiras ou relacionadas, com o \u00fanico objetivo de o envolver nos seus processos de recrutamento.<\/p><p><strong>Qual \u00e9 a legitimidade para o tratamento dos seus dados?<\/strong><br \/><strong>- Clientes:<\/strong><br \/>A base jur\u00eddica para o tratamento dos seus dados \u00e9 a execu\u00e7\u00e3o de um contrato e a manuten\u00e7\u00e3o da rela\u00e7\u00e3o contratual. A oferta de produtos e servi\u00e7os por meios electr\u00f3nicos baseia-se no consentimento que lhe \u00e9 pedido e a retirada desse consentimento n\u00e3o condiciona, em caso algum, a execu\u00e7\u00e3o do contrato.<br \/><strong>- Fornecedores:<\/strong><br \/>A base jur\u00eddica para o tratamento dos seus dados \u00e9 a execu\u00e7\u00e3o de um contrato e a manuten\u00e7\u00e3o da rela\u00e7\u00e3o contratual.<br \/><strong>- Contactos Web ou de correio eletr\u00f3nico:<\/strong><br \/>A base jur\u00eddica para o tratamento dos seus dados \u00e9 o consentimento do titular dos dados. Nos casos em que para efetuar um pedido \u00e9 necess\u00e1rio preencher um formul\u00e1rio e clicar no bot\u00e3o enviar, o preenchimento do mesmo implicar\u00e1 necessariamente que o utilizador foi informado e deu expressamente o seu consentimento ao conte\u00fado da cl\u00e1usula anexa ao formul\u00e1rio ou \u00e0 aceita\u00e7\u00e3o da pol\u00edtica de privacidade.<br \/><strong>- Contactos do boletim informativo:<\/strong><br \/>A base jur\u00eddica para o tratamento dos seus dados \u00e9 a aceita\u00e7\u00e3o e o consentimento do titular dos dados. Nos casos em que subscreve, ser\u00e1 necess\u00e1rio aceitar uma caixa de verifica\u00e7\u00e3o e clicar no bot\u00e3o enviar. Isto implica necessariamente que o utilizador foi informado e deu expressamente o seu consentimento para receber a newsletter.<br \/><strong>- Parceiros:<\/strong><br \/>A base jur\u00eddica para o tratamento dos seus dados \u00e9 contratual, a aceita\u00e7\u00e3o de um contrato de compra e venda de ac\u00e7\u00f5es ou similar, ou a participa\u00e7\u00e3o na constitui\u00e7\u00e3o da empresa. A base legal para o tratamento dos seus dados \u00e9 de origem contratual, a aceita\u00e7\u00e3o de um contrato de<br \/><strong>- Quem procura emprego:<\/strong><br \/>A base jur\u00eddica para o tratamento dos seus dados \u00e9 o seu consentimento inequ\u00edvoco, ao fornecer-nos o seu CV e ao receber e assinar as informa\u00e7\u00f5es relativas ao tratamento que iremos efetuar.<\/p><p><strong>A que destinat\u00e1rios ser\u00e3o comunicados os seus dados?<\/strong><br \/>Os dados do utilizador n\u00e3o ser\u00e3o transmitidos a terceiros, salvo obriga\u00e7\u00e3o legal. Especificamente, ser\u00e3o comunicados \u00e0 Ag\u00eancia Estatal de Administra\u00e7\u00e3o Fiscal e aos bancos e institui\u00e7\u00f5es financeiras para a cobran\u00e7a do servi\u00e7o prestado ou do produto adquirido, bem como aos processadores de dados necess\u00e1rios para a execu\u00e7\u00e3o do contrato.<\/p><p><strong>Que medidas de seguran\u00e7a aplicamos?<\/strong><br \/>Pode ter a certeza de que adopt\u00e1mos um n\u00edvel \u00f3timo de prote\u00e7\u00e3o para os Dados Pessoais que tratamos e instal\u00e1mos todos os meios e medidas t\u00e9cnicas ao nosso dispor, de acordo com o estado da tecnologia, para evitar a perda, utiliza\u00e7\u00e3o indevida, altera\u00e7\u00e3o, acesso n\u00e3o autorizado e roubo de Dados Pessoais.<\/p><p><strong>Quais s\u00e3o os seus direitos quando nos fornece os seus dados?<\/strong><br \/>Qualquer pessoa tem o direito de obter a confirma\u00e7\u00e3o da exist\u00eancia do tratamento dos seus dados pessoais, de aceder aos seus dados pessoais, de solicitar a retifica\u00e7\u00e3o dos dados inexactos ou, se for caso disso, de solicitar o seu apagamento, quando, entre outros motivos, os dados j\u00e1 n\u00e3o forem necess\u00e1rios para os fins para que foram recolhidos ou quando a pessoa em causa retirar o consentimento dado.<br \/>Em certos casos, a pessoa em causa pode solicitar que limitemos o tratamento dos seus dados, caso em que apenas conservaremos os dados em conformidade com a regulamenta\u00e7\u00e3o em vigor.<br \/>Em certos casos, o utilizador pode exercer o seu direito \u00e0 portabilidade dos dados, que lhe ser\u00e3o fornecidos num formato estruturado, de uso corrente ou de leitura \u00f3tica, ou ao novo respons\u00e1vel pelo tratamento de dados que designar.<br \/>O utilizador tem o direito de retirar o seu consentimento em qualquer altura relativamente a qualquer opera\u00e7\u00e3o de tratamento para a qual tenha dado o seu consentimento.<br \/>A METAL FRAME RENOVABLES S.L. disp\u00f5e de formul\u00e1rios para o exerc\u00edcio de direitos que podem ser solicitados por correio eletr\u00f3nico para\u00a0<span id=\"cloak329486344a70f8b022f867af5d79334a\"><a href=\"mailto:info@mfrenovables.com\">info@mfrenovables.com<\/a><\/span><span id=\"cloak3e42a359962315811f8da75005879985\"><\/span>\u00a0ou utilizar os elaborados pela Ag\u00eancia Espanhola de Prote\u00e7\u00e3o de Dados ou por terceiros. Estes formul\u00e1rios devem ser assinados eletronicamente ou acompanhados de uma fotoc\u00f3pia do DNI. Se atuar atrav\u00e9s de um representante da mesma forma, deve ser acompanhado de uma c\u00f3pia do seu DNI ou de uma assinatura eletr\u00f3nica.<br \/>Os formul\u00e1rios devem ser entregues pessoalmente na METAL FRAME RENOVABLES S.L. ou enviados por correio ou e-mail para os endere\u00e7os que aparecem na sec\u00e7\u00e3o \u201cRespons\u00e1vel\u201d.<br \/>O utilizador tem o direito de apresentar uma queixa \u00e0 Ag\u00eancia Espanhola de Prote\u00e7\u00e3o de Dados caso considere que o exerc\u00edcio dos seus direitos n\u00e3o foi devidamente tratado. O prazo m\u00e1ximo para uma decis\u00e3o \u00e9 de um m\u00eas a contar da rece\u00e7\u00e3o do seu pedido.<br \/>Em caso de altera\u00e7\u00e3o dos seus dados, informe-nos por escrito para que possamos mant\u00ea-los actualizados.<\/p><p><strong>Durante quanto tempo conservaremos os seus dados?<\/strong><br \/>Os dados pessoais ser\u00e3o conservados enquanto se mantiver a rela\u00e7\u00e3o com a METAL FRAME RENOVABLES S.L. No final deste per\u00edodo, os dados pessoais tratados para cada uma das finalidades anteriormente mencionadas ser\u00e3o conservados durante os prazos legalmente estabelecidos ou durante o per\u00edodo que um juiz ou tribunal possa exigir que sejam conservados em conformidade com os prazos de prescri\u00e7\u00e3o das ac\u00e7\u00f5es judiciais. Os dados tratados ser\u00e3o conservados at\u00e9 ao termo dos prazos legais acima referidos, caso exista uma obriga\u00e7\u00e3o legal de os conservar, ou, caso n\u00e3o exista tal prazo legal, at\u00e9 que o titular dos dados solicite o seu apagamento ou revogue o<br \/>autoriza\u00e7\u00e3o concedida.<br \/><img decoding=\"async\" src=\"http:\/\/www.lomanex.com\/images\/privacidad.png\" alt=\"\" \/><\/p><\/div><\/article><div class=\"bd-empty-grid-item\">\u00a0<\/div><div class=\"bd-container-inner\">\u00a0<\/div><\/div><\/div><\/div><\/div><\/div><\/div><\/div><\/div><\/div><\/div><\/div><\/div><\/div><\/div><\/div><footer class=\"bd-footerarea-1 bd-margins\"><section id=\"section11\" class=\"bd-section-11 bd-tagstyles\" data-section-title=\"Section\"><div class=\"bd-container-inner bd-margins clearfix\"><div class=\"bd-flexalign-1 bd-no-margins bd-flexalign\">\u00a0<\/div><\/div><\/section><\/footer>\t\t\t\t\t\t\t\t<\/div>\n\t\t\t\t<\/div>\n\t\t\t\t\t<\/div>\n\t\t\t\t<\/div>\n\t\t\t\t<\/div>","protected":false},"excerpt":{"rendered":"<p>La Pol\u00edtica de Privacidad La Pol\u00edtica de Privacidad forma parte de las Condiciones Generales que rigen la presente Web. \u00bfQui\u00e9n es el responsable del tratamiento de sus datos?METAL FRAME RENOVABLES S.L. CIF: B06754634Domicilio: c\/ Pedregales, 16, 06400 Don Benito (Badajoz)Tel\u00e9fono: 924 290 111 \/ 613 006 138Correo electr\u00f3nico:\u00a0info@mfrenovables.comPuedes dirigirte de cualquier forma para comunicarte con [&hellip;]<\/p>\n","protected":false},"author":1,"featured_media":0,"parent":0,"menu_order":0,"comment_status":"closed","ping_status":"closed","template":"elementor_header_footer","meta":{"footnotes":""},"categories":[],"tags":[],"class_list":["post-2948","page","type-page","status-publish","hentry"],"jetpack_sharing_enabled":true,"_links":{"self":[{"href":"https:\/\/www.mfrenovables.com\/pt\/wp-json\/wp\/v2\/pages\/2948","targetHints":{"allow":["GET"]}}],"collection":[{"href":"https:\/\/www.mfrenovables.com\/pt\/wp-json\/wp\/v2\/pages"}],"about":[{"href":"https:\/\/www.mfrenovables.com\/pt\/wp-json\/wp\/v2\/types\/page"}],"author":[{"embeddable":true,"href":"https:\/\/www.mfrenovables.com\/pt\/wp-json\/wp\/v2\/users\/1"}],"replies":[{"embeddable":true,"href":"https:\/\/www.mfrenovables.com\/pt\/wp-json\/wp\/v2\/comments?post=2948"}],"version-history":[{"count":14,"href":"https:\/\/www.mfrenovables.com\/pt\/wp-json\/wp\/v2\/pages\/2948\/revisions"}],"predecessor-version":[{"id":3021,"href":"https:\/\/www.mfrenovables.com\/pt\/wp-json\/wp\/v2\/pages\/2948\/revisions\/3021"}],"wp:attachment":[{"href":"https:\/\/www.mfrenovables.com\/pt\/wp-json\/wp\/v2\/media?parent=2948"}],"wp:term":[{"taxonomy":"category","embeddable":true,"href":"https:\/\/www.mfrenovables.com\/pt\/wp-json\/wp\/v2\/categories?post=2948"},{"taxonomy":"post_tag","embeddable":true,"href":"https:\/\/www.mfrenovables.com\/pt\/wp-json\/wp\/v2\/tags?post=2948"}],"curies":[{"name":"wp","href":"https:\/\/api.w.org\/{rel}","templated":true}]}}